{"id":2476,"date":"2024-10-30T19:24:43","date_gmt":"2024-10-30T18:24:43","guid":{"rendered":"https:\/\/svt-dalaine.fr\/svt\/?page_id=2476"},"modified":"2024-10-30T19:33:01","modified_gmt":"2024-10-30T18:33:01","slug":"sortie-a-la-galerie-danatomie-comparee-et-de-paleontologie","status":"publish","type":"page","link":"https:\/\/svt-dalaine.fr\/svt\/sortie-a-la-galerie-danatomie-comparee-et-de-paleontologie\/","title":{"rendered":"Sortie \u00e0 la galerie d&#8217;anatomie compar\u00e9e et de pal\u00e9ontologie"},"content":{"rendered":"\t\t<div data-elementor-type=\"wp-page\" data-elementor-id=\"2476\" class=\"elementor elementor-2476\">\n\t\t\t\t\t\t<section class=\"elementor-section elementor-top-section elementor-element elementor-element-aa08fdf elementor-section-boxed elementor-section-height-default elementor-section-height-default\" data-id=\"aa08fdf\" data-element_type=\"section\">\n\t\t\t\t\t\t<div class=\"elementor-container elementor-column-gap-default\">\n\t\t\t\t\t<div class=\"elementor-column elementor-col-100 elementor-top-column elementor-element elementor-element-59b44c7\" data-id=\"59b44c7\" data-element_type=\"column\">\n\t\t\t<div class=\"elementor-widget-wrap elementor-element-populated\">\n\t\t\t\t\t\t<div class=\"elementor-element elementor-element-dd6b243 elementor-widget elementor-widget-heading\" data-id=\"dd6b243\" data-element_type=\"widget\" data-widget_type=\"heading.default\">\n\t\t\t\t<div class=\"elementor-widget-container\">\n\t\t\t<h2 class=\"elementor-heading-title elementor-size-default\">Visite autonome de la galerie d'anatomie compar\u00e9e<\/h2>\t\t<\/div>\n\t\t\t\t<\/div>\n\t\t\t\t\t<\/div>\n\t\t<\/div>\n\t\t\t\t\t<\/div>\n\t\t<\/section>\n\t\t\t\t<section class=\"elementor-section elementor-top-section elementor-element elementor-element-e54662f elementor-section-boxed elementor-section-height-default elementor-section-height-default\" data-id=\"e54662f\" data-element_type=\"section\">\n\t\t\t\t\t\t<div class=\"elementor-container elementor-column-gap-default\">\n\t\t\t\t\t<div class=\"elementor-column elementor-col-100 elementor-top-column elementor-element elementor-element-a931781\" data-id=\"a931781\" data-element_type=\"column\">\n\t\t\t<div class=\"elementor-widget-wrap elementor-element-populated\">\n\t\t\t\t\t\t<div class=\"elementor-element elementor-element-461e664 elementor-widget elementor-widget-html\" data-id=\"461e664\" data-element_type=\"widget\" data-widget_type=\"html.default\">\n\t\t\t\t<div class=\"elementor-widget-container\">\n\t\t\t<div style=\"width: 100%;\"><div style=\"position: relative; padding-bottom: 56.25%; padding-top: 0; height: 0;\"><iframe title=\"rallye anatomie compar\u00e9e_mnhn_S_Dalaine\" frameborder=\"0\" width=\"1200\" height=\"675\" style=\"position: absolute; top: 0; left: 0; width: 100%; height: 100%;\" src=\"https:\/\/view.genially.com\/66c3028971494afcceb5a5c3\" type=\"text\/html\" allowscriptaccess=\"always\" allowfullscreen=\"true\" scrolling=\"yes\" allownetworking=\"all\"><\/iframe> <\/div> <\/div>\t\t<\/div>\n\t\t\t\t<\/div>\n\t\t\t\t\t<\/div>\n\t\t<\/div>\n\t\t\t\t\t<\/div>\n\t\t<\/section>\n\t\t\t\t<section class=\"elementor-section elementor-top-section elementor-element elementor-element-bf01eb5 elementor-section-boxed elementor-section-height-default elementor-section-height-default\" data-id=\"bf01eb5\" data-element_type=\"section\">\n\t\t\t\t\t\t<div class=\"elementor-container elementor-column-gap-default\">\n\t\t\t\t\t<div class=\"elementor-column elementor-col-100 elementor-top-column elementor-element elementor-element-21f4d66\" data-id=\"21f4d66\" data-element_type=\"column\">\n\t\t\t<div class=\"elementor-widget-wrap elementor-element-populated\">\n\t\t\t\t\t\t<div class=\"elementor-element elementor-element-90a6e70 elementor-widget elementor-widget-heading\" data-id=\"90a6e70\" data-element_type=\"widget\" data-widget_type=\"heading.default\">\n\t\t\t\t<div class=\"elementor-widget-container\">\n\t\t\t<h2 class=\"elementor-heading-title elementor-size-default\">Visite autonome du jardin alpin (jardin des plantes de Paris)<\/h2>\t\t<\/div>\n\t\t\t\t<\/div>\n\t\t\t\t\t<\/div>\n\t\t<\/div>\n\t\t\t\t\t<\/div>\n\t\t<\/section>\n\t\t\t\t<section class=\"elementor-section elementor-top-section elementor-element elementor-element-9d68651 elementor-section-boxed elementor-section-height-default elementor-section-height-default\" data-id=\"9d68651\" data-element_type=\"section\">\n\t\t\t\t\t\t<div class=\"elementor-container elementor-column-gap-default\">\n\t\t\t\t\t<div class=\"elementor-column elementor-col-100 elementor-top-column elementor-element elementor-element-8731d0a\" data-id=\"8731d0a\" data-element_type=\"column\">\n\t\t\t<div class=\"elementor-widget-wrap elementor-element-populated\">\n\t\t\t\t\t\t<div class=\"elementor-element elementor-element-8d9205d elementor-widget elementor-widget-html\" data-id=\"8d9205d\" data-element_type=\"widget\" data-widget_type=\"html.default\">\n\t\t\t\t<div class=\"elementor-widget-container\">\n\t\t\t<div style=\"width: 100%;\"><div style=\"position: relative; padding-bottom: 56.25%; padding-top: 0; height: 0;\"><iframe title=\"journee-integration-MNHN_Dalaine_S\" frameborder=\"0\" width=\"1200\" height=\"675\" style=\"position: absolute; top: 0; left: 0; width: 100%; height: 100%;\" src=\"https:\/\/view.genially.com\/66c34536abd9d260b76256be\" type=\"text\/html\" allowscriptaccess=\"always\" allowfullscreen=\"true\" scrolling=\"yes\" allownetworking=\"all\"><\/iframe> <\/div> <\/div>\t\t<\/div>\n\t\t\t\t<\/div>\n\t\t\t\t\t<\/div>\n\t\t<\/div>\n\t\t\t\t\t<\/div>\n\t\t<\/section>\n\t\t\t\t<section class=\"elementor-section elementor-top-section elementor-element elementor-element-b4daa4a elementor-section-boxed elementor-section-height-default elementor-section-height-default\" data-id=\"b4daa4a\" data-element_type=\"section\">\n\t\t\t\t\t\t<div class=\"elementor-container elementor-column-gap-default\">\n\t\t\t\t\t<div class=\"elementor-column elementor-col-100 elementor-top-column elementor-element elementor-element-15c3f2c\" data-id=\"15c3f2c\" data-element_type=\"column\">\n\t\t\t<div class=\"elementor-widget-wrap elementor-element-populated\">\n\t\t\t\t\t\t<div class=\"elementor-element elementor-element-4b32db1 elementor-widget elementor-widget-heading\" data-id=\"4b32db1\" data-element_type=\"widget\" data-widget_type=\"heading.default\">\n\t\t\t\t<div class=\"elementor-widget-container\">\n\t\t\t<h2 class=\"elementor-heading-title elementor-size-default\">Visite autonome du mus\u00e9e Fragonard (ENVA)<\/h2>\t\t<\/div>\n\t\t\t\t<\/div>\n\t\t\t\t\t<\/div>\n\t\t<\/div>\n\t\t\t\t\t<\/div>\n\t\t<\/section>\n\t\t\t\t<section class=\"elementor-section elementor-top-section elementor-element elementor-element-87e1d29 elementor-section-boxed elementor-section-height-default elementor-section-height-default\" data-id=\"87e1d29\" data-element_type=\"section\">\n\t\t\t\t\t\t<div class=\"elementor-container elementor-column-gap-default\">\n\t\t\t\t\t<div class=\"elementor-column elementor-col-100 elementor-top-column elementor-element elementor-element-b02b346\" data-id=\"b02b346\" data-element_type=\"column\">\n\t\t\t<div class=\"elementor-widget-wrap elementor-element-populated\">\n\t\t\t\t\t\t<div class=\"elementor-element elementor-element-8ee3f79 elementor-widget elementor-widget-html\" data-id=\"8ee3f79\" data-element_type=\"widget\" data-widget_type=\"html.default\">\n\t\t\t\t<div class=\"elementor-widget-container\">\n\t\t\t<div style=\"width: 100%;\"><div style=\"position: relative; padding-bottom: 56.25%; padding-top: 0; height: 0;\"><iframe title=\"Fragonard rallye\" frameborder=\"0\" width=\"1200\" height=\"675\" style=\"position: absolute; top: 0; left: 0; width: 100%; height: 100%;\" src=\"https:\/\/view.genially.com\/6283d2ff21783c0019941efc\" type=\"text\/html\" allowscriptaccess=\"always\" allowfullscreen=\"true\" scrolling=\"yes\" allownetworking=\"all\"><\/iframe> <\/div> <\/div>\t\t<\/div>\n\t\t\t\t<\/div>\n\t\t\t\t\t<\/div>\n\t\t<\/div>\n\t\t\t\t\t<\/div>\n\t\t<\/section>\n\t\t\t\t<section class=\"elementor-section elementor-top-section elementor-element elementor-element-d6461f3 elementor-section-boxed elementor-section-height-default elementor-section-height-default\" data-id=\"d6461f3\" data-element_type=\"section\">\n\t\t\t\t\t\t<div class=\"elementor-container elementor-column-gap-default\">\n\t\t\t\t\t<div class=\"elementor-column elementor-col-100 elementor-top-column elementor-element elementor-element-fd4185d\" data-id=\"fd4185d\" data-element_type=\"column\">\n\t\t\t<div class=\"elementor-widget-wrap elementor-element-populated\">\n\t\t\t\t\t\t<div class=\"elementor-element elementor-element-a3ded81 elementor-widget elementor-widget-heading\" data-id=\"a3ded81\" data-element_type=\"widget\" data-widget_type=\"heading.default\">\n\t\t\t\t<div class=\"elementor-widget-container\">\n\t\t\t<h2 class=\"elementor-heading-title elementor-size-default\">Stage de terrain en Vend\u00e9e (mai 2024)<\/h2>\t\t<\/div>\n\t\t\t\t<\/div>\n\t\t\t\t\t<\/div>\n\t\t<\/div>\n\t\t\t\t\t<\/div>\n\t\t<\/section>\n\t\t\t\t<section class=\"elementor-section elementor-top-section elementor-element elementor-element-8eecadc elementor-section-boxed elementor-section-height-default elementor-section-height-default\" data-id=\"8eecadc\" data-element_type=\"section\">\n\t\t\t\t\t\t<div class=\"elementor-container elementor-column-gap-default\">\n\t\t\t\t\t<div class=\"elementor-column elementor-col-100 elementor-top-column elementor-element elementor-element-fa823c4\" data-id=\"fa823c4\" data-element_type=\"column\">\n\t\t\t<div class=\"elementor-widget-wrap elementor-element-populated\">\n\t\t\t\t\t\t<div class=\"elementor-element elementor-element-158bf42 elementor-widget elementor-widget-html\" data-id=\"158bf42\" data-element_type=\"widget\" data-widget_type=\"html.default\">\n\t\t\t\t<div class=\"elementor-widget-container\">\n\t\t\t<div style=\"width: 100%;\"><div style=\"position: relative; padding-bottom: 56.25%; padding-top: 0; height: 0;\"><iframe title=\"stage_vendee_mai_2024_Dalaine_Barbier\" frameborder=\"0\" width=\"1200\" height=\"675\" style=\"position: absolute; top: 0; left: 0; width: 100%; height: 100%;\" src=\"https:\/\/view.genially.com\/662795a330802a0014d972b0\" type=\"text\/html\" allowscriptaccess=\"always\" allowfullscreen=\"true\" scrolling=\"yes\" allownetworking=\"all\"><\/iframe> <\/div> <\/div>\t\t<\/div>\n\t\t\t\t<\/div>\n\t\t\t\t\t<\/div>\n\t\t<\/div>\n\t\t\t\t\t<\/div>\n\t\t<\/section>\n\t\t\t\t<\/div>\n\t\t","protected":false},"excerpt":{"rendered":"<p>Visite autonome de la galerie d&#8217;anatomie compar\u00e9e Visite autonome du jardin alpin (jardin des plantes de Paris) Visite autonome du mus\u00e9e Fragonard (ENVA) Stage de terrain en Vend\u00e9e (mai 2024)<\/p>\n","protected":false},"author":1,"featured_media":0,"parent":0,"menu_order":0,"comment_status":"closed","ping_status":"closed","template":"","meta":{"footnotes":""},"categories":[],"tags":[],"class_list":["post-2476","page","type-page","status-publish","hentry"],"yoast_head":"<!-- This site is optimized with the Yoast SEO plugin v21.9.1 - https:\/\/yoast.com\/wordpress\/plugins\/seo\/ -->\n<title>Sortie \u00e0 la galerie d&#039;anatomie compar\u00e9e et de pal\u00e9ontologie - Bienvenue sur le site de Sciences de la Vie et de la Terre<\/title>\n<meta name=\"robots\" content=\"index, follow, max-snippet:-1, max-image-preview:large, max-video-preview:-1\" \/>\n<link rel=\"canonical\" href=\"https:\/\/svt-dalaine.fr\/svt\/sortie-a-la-galerie-danatomie-comparee-et-de-paleontologie\/\" \/>\n<meta property=\"og:locale\" content=\"fr_FR\" \/>\n<meta property=\"og:type\" content=\"article\" \/>\n<meta property=\"og:title\" content=\"Sortie \u00e0 la galerie d&#039;anatomie compar\u00e9e et de pal\u00e9ontologie - Bienvenue sur le site de Sciences de la Vie et de la Terre\" \/>\n<meta property=\"og:description\" content=\"Visite autonome de la galerie d&#8217;anatomie compar\u00e9e Visite autonome du jardin alpin (jardin des plantes de Paris) Visite autonome du mus\u00e9e Fragonard (ENVA) Stage de terrain en Vend\u00e9e (mai 2024)\" \/>\n<meta property=\"og:url\" content=\"https:\/\/svt-dalaine.fr\/svt\/sortie-a-la-galerie-danatomie-comparee-et-de-paleontologie\/\" \/>\n<meta property=\"og:site_name\" content=\"Bienvenue sur le site de Sciences de la Vie et de la Terre\" \/>\n<meta property=\"article:modified_time\" content=\"2024-10-30T18:33:01+00:00\" \/>\n<meta name=\"twitter:card\" content=\"summary_large_image\" \/>\n<meta name=\"twitter:label1\" content=\"Dur\u00e9e de lecture estim\u00e9e\" \/>\n\t<meta name=\"twitter:data1\" content=\"1 minute\" \/>\n<script type=\"application\/ld+json\" class=\"yoast-schema-graph\">{\"@context\":\"https:\/\/schema.org\",\"@graph\":[{\"@type\":\"WebPage\",\"@id\":\"https:\/\/svt-dalaine.fr\/svt\/sortie-a-la-galerie-danatomie-comparee-et-de-paleontologie\/\",\"url\":\"https:\/\/svt-dalaine.fr\/svt\/sortie-a-la-galerie-danatomie-comparee-et-de-paleontologie\/\",\"name\":\"Sortie \u00e0 la galerie d'anatomie compar\u00e9e et de pal\u00e9ontologie - Bienvenue sur le site de Sciences de la Vie et de la Terre\",\"isPartOf\":{\"@id\":\"https:\/\/svt-dalaine.fr\/svt\/#website\"},\"datePublished\":\"2024-10-30T18:24:43+00:00\",\"dateModified\":\"2024-10-30T18:33:01+00:00\",\"breadcrumb\":{\"@id\":\"https:\/\/svt-dalaine.fr\/svt\/sortie-a-la-galerie-danatomie-comparee-et-de-paleontologie\/#breadcrumb\"},\"inLanguage\":\"fr-FR\",\"potentialAction\":[{\"@type\":\"ReadAction\",\"target\":[\"https:\/\/svt-dalaine.fr\/svt\/sortie-a-la-galerie-danatomie-comparee-et-de-paleontologie\/\"]}]},{\"@type\":\"BreadcrumbList\",\"@id\":\"https:\/\/svt-dalaine.fr\/svt\/sortie-a-la-galerie-danatomie-comparee-et-de-paleontologie\/#breadcrumb\",\"itemListElement\":[{\"@type\":\"ListItem\",\"position\":1,\"name\":\"Accueil\",\"item\":\"https:\/\/svt-dalaine.fr\/svt\/\"},{\"@type\":\"ListItem\",\"position\":2,\"name\":\"Sortie \u00e0 la galerie d&#8217;anatomie compar\u00e9e et de pal\u00e9ontologie\"}]},{\"@type\":\"WebSite\",\"@id\":\"https:\/\/svt-dalaine.fr\/svt\/#website\",\"url\":\"https:\/\/svt-dalaine.fr\/svt\/\",\"name\":\"Bienvenue sur le site de Sciences de la Vie et de la Terre\",\"description\":\"Ressources en SVT de St\u00e9phanie Dalaine, professeure agr\u00e9g\u00e9e exer\u00e7ant en BCPST1 ENCPB\",\"potentialAction\":[{\"@type\":\"SearchAction\",\"target\":{\"@type\":\"EntryPoint\",\"urlTemplate\":\"https:\/\/svt-dalaine.fr\/svt\/?s={search_term_string}\"},\"query-input\":\"required name=search_term_string\"}],\"inLanguage\":\"fr-FR\"}]}<\/script>\n<!-- \/ Yoast SEO plugin. -->","yoast_head_json":{"title":"Sortie \u00e0 la galerie d'anatomie compar\u00e9e et de pal\u00e9ontologie - Bienvenue sur le site de Sciences de la Vie et de la Terre","robots":{"index":"index","follow":"follow","max-snippet":"max-snippet:-1","max-image-preview":"max-image-preview:large","max-video-preview":"max-video-preview:-1"},"canonical":"https:\/\/svt-dalaine.fr\/svt\/sortie-a-la-galerie-danatomie-comparee-et-de-paleontologie\/","og_locale":"fr_FR","og_type":"article","og_title":"Sortie \u00e0 la galerie d'anatomie compar\u00e9e et de pal\u00e9ontologie - Bienvenue sur le site de Sciences de la Vie et de la Terre","og_description":"Visite autonome de la galerie d&#8217;anatomie compar\u00e9e Visite autonome du jardin alpin (jardin des plantes de Paris) Visite autonome du mus\u00e9e Fragonard (ENVA) Stage de terrain en Vend\u00e9e (mai 2024)","og_url":"https:\/\/svt-dalaine.fr\/svt\/sortie-a-la-galerie-danatomie-comparee-et-de-paleontologie\/","og_site_name":"Bienvenue sur le site de Sciences de la Vie et de la Terre","article_modified_time":"2024-10-30T18:33:01+00:00","twitter_card":"summary_large_image","twitter_misc":{"Dur\u00e9e de lecture estim\u00e9e":"1 minute"},"schema":{"@context":"https:\/\/schema.org","@graph":[{"@type":"WebPage","@id":"https:\/\/svt-dalaine.fr\/svt\/sortie-a-la-galerie-danatomie-comparee-et-de-paleontologie\/","url":"https:\/\/svt-dalaine.fr\/svt\/sortie-a-la-galerie-danatomie-comparee-et-de-paleontologie\/","name":"Sortie \u00e0 la galerie d'anatomie compar\u00e9e et de pal\u00e9ontologie - Bienvenue sur le site de Sciences de la Vie et de la Terre","isPartOf":{"@id":"https:\/\/svt-dalaine.fr\/svt\/#website"},"datePublished":"2024-10-30T18:24:43+00:00","dateModified":"2024-10-30T18:33:01+00:00","breadcrumb":{"@id":"https:\/\/svt-dalaine.fr\/svt\/sortie-a-la-galerie-danatomie-comparee-et-de-paleontologie\/#breadcrumb"},"inLanguage":"fr-FR","potentialAction":[{"@type":"ReadAction","target":["https:\/\/svt-dalaine.fr\/svt\/sortie-a-la-galerie-danatomie-comparee-et-de-paleontologie\/"]}]},{"@type":"BreadcrumbList","@id":"https:\/\/svt-dalaine.fr\/svt\/sortie-a-la-galerie-danatomie-comparee-et-de-paleontologie\/#breadcrumb","itemListElement":[{"@type":"ListItem","position":1,"name":"Accueil","item":"https:\/\/svt-dalaine.fr\/svt\/"},{"@type":"ListItem","position":2,"name":"Sortie \u00e0 la galerie d&#8217;anatomie compar\u00e9e et de pal\u00e9ontologie"}]},{"@type":"WebSite","@id":"https:\/\/svt-dalaine.fr\/svt\/#website","url":"https:\/\/svt-dalaine.fr\/svt\/","name":"Bienvenue sur le site de Sciences de la Vie et de la Terre","description":"Ressources en SVT de St\u00e9phanie Dalaine, professeure agr\u00e9g\u00e9e exer\u00e7ant en BCPST1 ENCPB","potentialAction":[{"@type":"SearchAction","target":{"@type":"EntryPoint","urlTemplate":"https:\/\/svt-dalaine.fr\/svt\/?s={search_term_string}"},"query-input":"required name=search_term_string"}],"inLanguage":"fr-FR"}]}},"_links":{"self":[{"href":"https:\/\/svt-dalaine.fr\/svt\/wp-json\/wp\/v2\/pages\/2476","targetHints":{"allow":["GET"]}}],"collection":[{"href":"https:\/\/svt-dalaine.fr\/svt\/wp-json\/wp\/v2\/pages"}],"about":[{"href":"https:\/\/svt-dalaine.fr\/svt\/wp-json\/wp\/v2\/types\/page"}],"author":[{"embeddable":true,"href":"https:\/\/svt-dalaine.fr\/svt\/wp-json\/wp\/v2\/users\/1"}],"replies":[{"embeddable":true,"href":"https:\/\/svt-dalaine.fr\/svt\/wp-json\/wp\/v2\/comments?post=2476"}],"version-history":[{"count":10,"href":"https:\/\/svt-dalaine.fr\/svt\/wp-json\/wp\/v2\/pages\/2476\/revisions"}],"predecessor-version":[{"id":2494,"href":"https:\/\/svt-dalaine.fr\/svt\/wp-json\/wp\/v2\/pages\/2476\/revisions\/2494"}],"wp:attachment":[{"href":"https:\/\/svt-dalaine.fr\/svt\/wp-json\/wp\/v2\/media?parent=2476"}],"wp:term":[{"taxonomy":"category","embeddable":true,"href":"https:\/\/svt-dalaine.fr\/svt\/wp-json\/wp\/v2\/categories?post=2476"},{"taxonomy":"post_tag","embeddable":true,"href":"https:\/\/svt-dalaine.fr\/svt\/wp-json\/wp\/v2\/tags?post=2476"}],"curies":[{"name":"wp","href":"https:\/\/api.w.org\/{rel}","templated":true}]}}