{"id":600,"date":"2019-03-10T14:49:15","date_gmt":"2019-03-10T13:49:15","guid":{"rendered":"https:\/\/svt-dalaine.fr\/svt\/?page_id=600"},"modified":"2023-09-07T22:38:20","modified_gmt":"2023-09-07T20:38:20","slug":"a-propos-du-lycee","status":"publish","type":"page","link":"https:\/\/svt-dalaine.fr\/svt\/a-propos-du-lycee\/","title":{"rendered":"A propos"},"content":{"rendered":"\t\t<div data-elementor-type=\"wp-post\" data-elementor-id=\"600\" class=\"elementor elementor-600\">\n\t\t\t\t\t\t<section class=\"elementor-section elementor-top-section elementor-element elementor-element-16e5cc5 elementor-section-boxed elementor-section-height-default elementor-section-height-default\" data-id=\"16e5cc5\" data-element_type=\"section\">\n\t\t\t\t\t\t<div class=\"elementor-container elementor-column-gap-default\">\n\t\t\t\t\t<div class=\"elementor-column elementor-col-100 elementor-top-column elementor-element elementor-element-36d5564\" data-id=\"36d5564\" data-element_type=\"column\">\n\t\t\t<div class=\"elementor-widget-wrap elementor-element-populated\">\n\t\t\t\t\t\t<div class=\"elementor-element elementor-element-5b61a01 elementor-widget elementor-widget-text-editor\" data-id=\"5b61a01\" data-element_type=\"widget\" data-widget_type=\"text-editor.default\">\n\t\t\t\t<div class=\"elementor-widget-container\">\n\t\t\t\t\t\t\t<p><span style=\"text-decoration: underline;\"><strong>Le Lyc\u00e9e<\/strong><\/span><\/p><p>Le <a href=\"https:\/\/www.education.gouv.fr\/cid126438\/baccalaureat-2021-tremplin-pour-reussite.html\">baccalaur\u00e9at g\u00e9n\u00e9ral et technologique 2021<\/a> est r\u00e9form\u00e9. Aussi les niveaux de 2de, 1\u00e8re et Terminale pr\u00e9sentent de nouveaux programmes.<\/p><p>Les \u00e9l\u00e8ves seront libres de choisir en classe de Premi\u00e8re, trois disciplines majeures; et en classe de Terminale, deux disciplines majeures.<\/p><p>Ce site propose les cours de l&#8217;ancien programme et commence \u00e0 r\u00e9v\u00e9ler les TP de la rentr\u00e9e 2019 en classe de 2nde.<\/p>\t\t\t\t\t\t<\/div>\n\t\t\t\t<\/div>\n\t\t\t\t\t<\/div>\n\t\t<\/div>\n\t\t\t\t\t<\/div>\n\t\t<\/section>\n\t\t\t\t<section class=\"elementor-section elementor-top-section elementor-element elementor-element-29ce9a5 elementor-section-boxed elementor-section-height-default elementor-section-height-default\" data-id=\"29ce9a5\" data-element_type=\"section\">\n\t\t\t\t\t\t<div class=\"elementor-container elementor-column-gap-default\">\n\t\t\t\t\t<div class=\"elementor-column elementor-col-100 elementor-top-column elementor-element elementor-element-001d876\" data-id=\"001d876\" data-element_type=\"column\">\n\t\t\t<div class=\"elementor-widget-wrap elementor-element-populated\">\n\t\t\t\t\t\t<div class=\"elementor-element elementor-element-42945f8 elementor-widget elementor-widget-text-editor\" data-id=\"42945f8\" data-element_type=\"widget\" data-widget_type=\"text-editor.default\">\n\t\t\t\t<div class=\"elementor-widget-container\">\n\t\t\t\t\t\t\t<p><strong><span style=\"text-decoration: underline;\">WordPress<\/span><\/strong><\/p><p><a href=\"http:\/\/WordPress.org\" target=\"_blank\" rel=\"noopener\">WordPress.org<\/a> est un syst\u00e8me de gestion de contenu sous licence GNU, c\u2019est-\u00e0-dire libre de droits. Il est \u00e0 l\u2019origine de la cr\u00e9ation de ce site. Je remercie toute la communaut\u00e9 libre pour leurs contributions, et l\u2019assistance technique lors de la construction de ce site. En outre, je remercie <a href=\"https:\/\/wpmarmite.com\/tuto-wordpress\/\">la Marmite<\/a> pour ses tutoriels tr\u00e8s bien r\u00e9alis\u00e9s.<\/p>\t\t\t\t\t\t<\/div>\n\t\t\t\t<\/div>\n\t\t\t\t\t<\/div>\n\t\t<\/div>\n\t\t\t\t\t<\/div>\n\t\t<\/section>\n\t\t\t\t<section class=\"elementor-section elementor-top-section elementor-element elementor-element-9b254b2 elementor-section-boxed elementor-section-height-default elementor-section-height-default\" data-id=\"9b254b2\" data-element_type=\"section\">\n\t\t\t\t\t\t<div class=\"elementor-container elementor-column-gap-default\">\n\t\t\t\t\t<div class=\"elementor-column elementor-col-100 elementor-top-column elementor-element elementor-element-d894537\" data-id=\"d894537\" data-element_type=\"column\">\n\t\t\t<div class=\"elementor-widget-wrap elementor-element-populated\">\n\t\t\t\t\t\t<div class=\"elementor-element elementor-element-d8cef2c elementor-widget elementor-widget-text-editor\" data-id=\"d8cef2c\" data-element_type=\"widget\" data-widget_type=\"text-editor.default\">\n\t\t\t\t<div class=\"elementor-widget-container\">\n\t\t\t\t\t\t\t<p><strong><span style=\"text-decoration: underline;\">L&#8217; enseignante<\/span><\/strong><\/p>\n<p>Je suis professeure agr\u00e9g\u00e9e en Sciences de la Vie et de la Terre. J&#8217;ai particip\u00e9 \u00e0 la mise en place de la PACENV (Premi\u00e8re Ann\u00e9e Commune aux \u00c9coles Nationales V\u00e9t\u00e9rinaires Fran\u00e7aises), et j&#8217;ai enseign\u00e9 aux \u00e9tudiants v\u00e9t\u00e9rinaires de premi\u00e8re ann\u00e9e \u00e0 l&#8217;Ecole Nationale V\u00e9t\u00e9rinaire d&#8217;Alfort.&nbsp;<\/p>\n<p>Depuis le 1er septembre 2023, j&#8217;exerce en BCPST1 \u00e0 l&#8217;Ecole Nationale de Chimie, de Physique et de Biologie de Paris, lyc\u00e9e Pierre-Gilles de Gennes.<br><\/p>\n<p>Mon CV est consultable sur <a href=\"https:\/\/www.linkedin.com\/in\/st%C3%A9phanie-dalaine-268b30116\/\">linkedIn<\/a>.<\/p>\t\t\t\t\t\t<\/div>\n\t\t\t\t<\/div>\n\t\t\t\t\t<\/div>\n\t\t<\/div>\n\t\t\t\t\t<\/div>\n\t\t<\/section>\n\t\t\t\t<\/div>\n\t\t","protected":false},"excerpt":{"rendered":"<p>Le Lyc\u00e9e Le baccalaur\u00e9at g\u00e9n\u00e9ral et technologique 2021 est r\u00e9form\u00e9. Aussi les niveaux de 2de, 1\u00e8re et Terminale pr\u00e9sentent de nouveaux programmes. Les \u00e9l\u00e8ves seront libres de choisir en classe de Premi\u00e8re, trois disciplines majeures; et en classe de Terminale,&hellip;&nbsp;<a href=\"https:\/\/svt-dalaine.fr\/svt\/a-propos-du-lycee\/\" class=\"more-link\">Lire la suite<\/a><\/p>\n","protected":false},"author":1,"featured_media":0,"parent":0,"menu_order":0,"comment_status":"closed","ping_status":"closed","template":"","meta":{"footnotes":""},"categories":[],"tags":[],"class_list":["post-600","page","type-page","status-publish","hentry"],"yoast_head":"<!-- This site is optimized with the Yoast SEO plugin v21.9.1 - https:\/\/yoast.com\/wordpress\/plugins\/seo\/ -->\n<title>A propos - Bienvenue sur le site de Sciences de la Vie et de la Terre<\/title>\n<meta name=\"robots\" content=\"index, follow, max-snippet:-1, max-image-preview:large, max-video-preview:-1\" \/>\n<link rel=\"canonical\" href=\"https:\/\/svt-dalaine.fr\/svt\/a-propos-du-lycee\/\" \/>\n<meta property=\"og:locale\" content=\"fr_FR\" \/>\n<meta property=\"og:type\" content=\"article\" \/>\n<meta property=\"og:title\" content=\"A propos - Bienvenue sur le site de Sciences de la Vie et de la Terre\" \/>\n<meta property=\"og:description\" content=\"Le Lyc\u00e9e Le baccalaur\u00e9at g\u00e9n\u00e9ral et technologique 2021 est r\u00e9form\u00e9. Aussi les niveaux de 2de, 1\u00e8re et Terminale pr\u00e9sentent de nouveaux programmes. Les \u00e9l\u00e8ves seront libres de choisir en classe de Premi\u00e8re, trois disciplines majeures; et en classe de Terminale,&hellip;&nbsp;Lire la suite\" \/>\n<meta property=\"og:url\" content=\"https:\/\/svt-dalaine.fr\/svt\/a-propos-du-lycee\/\" \/>\n<meta property=\"og:site_name\" content=\"Bienvenue sur le site de Sciences de la Vie et de la Terre\" \/>\n<meta property=\"article:modified_time\" content=\"2023-09-07T20:38:20+00:00\" \/>\n<meta name=\"twitter:card\" content=\"summary_large_image\" \/>\n<meta name=\"twitter:label1\" content=\"Dur\u00e9e de lecture estim\u00e9e\" \/>\n\t<meta name=\"twitter:data1\" content=\"2 minutes\" \/>\n<script type=\"application\/ld+json\" class=\"yoast-schema-graph\">{\"@context\":\"https:\/\/schema.org\",\"@graph\":[{\"@type\":\"WebPage\",\"@id\":\"https:\/\/svt-dalaine.fr\/svt\/a-propos-du-lycee\/\",\"url\":\"https:\/\/svt-dalaine.fr\/svt\/a-propos-du-lycee\/\",\"name\":\"A propos - Bienvenue sur le site de Sciences de la Vie et de la Terre\",\"isPartOf\":{\"@id\":\"https:\/\/svt-dalaine.fr\/svt\/#website\"},\"datePublished\":\"2019-03-10T13:49:15+00:00\",\"dateModified\":\"2023-09-07T20:38:20+00:00\",\"breadcrumb\":{\"@id\":\"https:\/\/svt-dalaine.fr\/svt\/a-propos-du-lycee\/#breadcrumb\"},\"inLanguage\":\"fr-FR\",\"potentialAction\":[{\"@type\":\"ReadAction\",\"target\":[\"https:\/\/svt-dalaine.fr\/svt\/a-propos-du-lycee\/\"]}]},{\"@type\":\"BreadcrumbList\",\"@id\":\"https:\/\/svt-dalaine.fr\/svt\/a-propos-du-lycee\/#breadcrumb\",\"itemListElement\":[{\"@type\":\"ListItem\",\"position\":1,\"name\":\"Accueil\",\"item\":\"https:\/\/svt-dalaine.fr\/svt\/\"},{\"@type\":\"ListItem\",\"position\":2,\"name\":\"A propos\"}]},{\"@type\":\"WebSite\",\"@id\":\"https:\/\/svt-dalaine.fr\/svt\/#website\",\"url\":\"https:\/\/svt-dalaine.fr\/svt\/\",\"name\":\"Bienvenue sur le site de Sciences de la Vie et de la Terre\",\"description\":\"Ressources en SVT de St\u00e9phanie Dalaine, professeure agr\u00e9g\u00e9e exer\u00e7ant en BCPST1 ENCPB\",\"potentialAction\":[{\"@type\":\"SearchAction\",\"target\":{\"@type\":\"EntryPoint\",\"urlTemplate\":\"https:\/\/svt-dalaine.fr\/svt\/?s={search_term_string}\"},\"query-input\":\"required name=search_term_string\"}],\"inLanguage\":\"fr-FR\"}]}<\/script>\n<!-- \/ Yoast SEO plugin. -->","yoast_head_json":{"title":"A propos - Bienvenue sur le site de Sciences de la Vie et de la Terre","robots":{"index":"index","follow":"follow","max-snippet":"max-snippet:-1","max-image-preview":"max-image-preview:large","max-video-preview":"max-video-preview:-1"},"canonical":"https:\/\/svt-dalaine.fr\/svt\/a-propos-du-lycee\/","og_locale":"fr_FR","og_type":"article","og_title":"A propos - Bienvenue sur le site de Sciences de la Vie et de la Terre","og_description":"Le Lyc\u00e9e Le baccalaur\u00e9at g\u00e9n\u00e9ral et technologique 2021 est r\u00e9form\u00e9. Aussi les niveaux de 2de, 1\u00e8re et Terminale pr\u00e9sentent de nouveaux programmes. Les \u00e9l\u00e8ves seront libres de choisir en classe de Premi\u00e8re, trois disciplines majeures; et en classe de Terminale,&hellip;&nbsp;Lire la suite","og_url":"https:\/\/svt-dalaine.fr\/svt\/a-propos-du-lycee\/","og_site_name":"Bienvenue sur le site de Sciences de la Vie et de la Terre","article_modified_time":"2023-09-07T20:38:20+00:00","twitter_card":"summary_large_image","twitter_misc":{"Dur\u00e9e de lecture estim\u00e9e":"2 minutes"},"schema":{"@context":"https:\/\/schema.org","@graph":[{"@type":"WebPage","@id":"https:\/\/svt-dalaine.fr\/svt\/a-propos-du-lycee\/","url":"https:\/\/svt-dalaine.fr\/svt\/a-propos-du-lycee\/","name":"A propos - Bienvenue sur le site de Sciences de la Vie et de la Terre","isPartOf":{"@id":"https:\/\/svt-dalaine.fr\/svt\/#website"},"datePublished":"2019-03-10T13:49:15+00:00","dateModified":"2023-09-07T20:38:20+00:00","breadcrumb":{"@id":"https:\/\/svt-dalaine.fr\/svt\/a-propos-du-lycee\/#breadcrumb"},"inLanguage":"fr-FR","potentialAction":[{"@type":"ReadAction","target":["https:\/\/svt-dalaine.fr\/svt\/a-propos-du-lycee\/"]}]},{"@type":"BreadcrumbList","@id":"https:\/\/svt-dalaine.fr\/svt\/a-propos-du-lycee\/#breadcrumb","itemListElement":[{"@type":"ListItem","position":1,"name":"Accueil","item":"https:\/\/svt-dalaine.fr\/svt\/"},{"@type":"ListItem","position":2,"name":"A propos"}]},{"@type":"WebSite","@id":"https:\/\/svt-dalaine.fr\/svt\/#website","url":"https:\/\/svt-dalaine.fr\/svt\/","name":"Bienvenue sur le site de Sciences de la Vie et de la Terre","description":"Ressources en SVT de St\u00e9phanie Dalaine, professeure agr\u00e9g\u00e9e exer\u00e7ant en BCPST1 ENCPB","potentialAction":[{"@type":"SearchAction","target":{"@type":"EntryPoint","urlTemplate":"https:\/\/svt-dalaine.fr\/svt\/?s={search_term_string}"},"query-input":"required name=search_term_string"}],"inLanguage":"fr-FR"}]}},"_links":{"self":[{"href":"https:\/\/svt-dalaine.fr\/svt\/wp-json\/wp\/v2\/pages\/600","targetHints":{"allow":["GET"]}}],"collection":[{"href":"https:\/\/svt-dalaine.fr\/svt\/wp-json\/wp\/v2\/pages"}],"about":[{"href":"https:\/\/svt-dalaine.fr\/svt\/wp-json\/wp\/v2\/types\/page"}],"author":[{"embeddable":true,"href":"https:\/\/svt-dalaine.fr\/svt\/wp-json\/wp\/v2\/users\/1"}],"replies":[{"embeddable":true,"href":"https:\/\/svt-dalaine.fr\/svt\/wp-json\/wp\/v2\/comments?post=600"}],"version-history":[{"count":22,"href":"https:\/\/svt-dalaine.fr\/svt\/wp-json\/wp\/v2\/pages\/600\/revisions"}],"predecessor-version":[{"id":1773,"href":"https:\/\/svt-dalaine.fr\/svt\/wp-json\/wp\/v2\/pages\/600\/revisions\/1773"}],"wp:attachment":[{"href":"https:\/\/svt-dalaine.fr\/svt\/wp-json\/wp\/v2\/media?parent=600"}],"wp:term":[{"taxonomy":"category","embeddable":true,"href":"https:\/\/svt-dalaine.fr\/svt\/wp-json\/wp\/v2\/categories?post=600"},{"taxonomy":"post_tag","embeddable":true,"href":"https:\/\/svt-dalaine.fr\/svt\/wp-json\/wp\/v2\/tags?post=600"}],"curies":[{"name":"wp","href":"https:\/\/api.w.org\/{rel}","templated":true}]}}